     {"id":37346,"date":"2021-04-27T15:13:36","date_gmt":"2021-04-27T13:13:36","guid":{"rendered":"https:\/\/www.jobcloud.ch\/c\/astronauten\/"},"modified":"2022-03-11T10:33:17","modified_gmt":"2022-03-11T09:33:17","slug":"astronauten","status":"publish","type":"page","link":"https:\/\/www.jobcloud.ch\/c\/de-ch\/astronauten","title":{"rendered":"Astronauten"},"content":{"rendered":"\t\t<div data-elementor-type=\"wp-page\" data-elementor-id=\"37346\" class=\"elementor elementor-37346\" data-elementor-post-type=\"page\">\n\t\t\t\t\t\t<section class=\"elementor-section elementor-top-section elementor-element elementor-element-231cd75 elementor-section-content-middle elementor-section-boxed elementor-section-height-default elementor-section-height-default\" data-id=\"231cd75\" data-element_type=\"section\" data-e-type=\"section\" id=\"header-vid\" data-settings=\"{&quot;background_background&quot;:&quot;video&quot;,&quot;background_video_link&quot;:&quot;https:\\\/\\\/vimeo.com\\\/542595996&quot;,&quot;background_video_end&quot;:105,&quot;sticky&quot;:&quot;top&quot;,&quot;animation&quot;:&quot;none&quot;,&quot;background_play_on_mobile&quot;:&quot;yes&quot;,&quot;sticky_on&quot;:[&quot;desktop&quot;,&quot;tablet&quot;,&quot;mobile&quot;],&quot;sticky_offset&quot;:0,&quot;sticky_effects_offset&quot;:0,&quot;sticky_anchor_link_offset&quot;:0}\">\n\t\t\t\t\t\t\t\t<div class=\"elementor-background-video-container\">\n\t\t\t\t\t\t\t\t\t\t\t\t\t<div class=\"elementor-background-video-embed\" role=\"presentation\"><\/div>\n\t\t\t\t\t\t\t\t\t\t\t\t<\/div>\n\t\t\t\t\t\t\t\t\t<div class=\"elementor-background-overlay\"><\/div>\n\t\t\t\t\t\t\t<div class=\"elementor-container elementor-column-gap-default\">\n\t\t\t\t\t<div class=\"elementor-column elementor-col-100 elementor-top-column elementor-element elementor-element-08b6230\" data-id=\"08b6230\" data-element_type=\"column\" data-e-type=\"column\">\n\t\t\t<div class=\"elementor-widget-wrap elementor-element-populated\">\n\t\t\t\t\t\t<div class=\"elementor-element elementor-element-26401ea elementor-widget elementor-widget-html\" data-id=\"26401ea\" data-element_type=\"widget\" data-e-type=\"widget\" id=\"header\" data-widget_type=\"html.default\">\n\t\t\t\t<div class=\"elementor-widget-container\">\n\t\t\t\t\t <a class=\"job-link\" href=\"https:\/\/www.jobs.ch\/de\/?utm_source=landingpage&utm_medium=website&utm_campaign=wb:jobs%7Ctg:b2c%7Ccn:ch%7Clg:de%7Cmg:job-application%7Cpd:n%7Ccd:jobs-astronaut-lp\">   \r\n<div id=\"logo-box\" href=\"https:\/\/www.jobs.ch\/de\/\">\r\n<img decoding=\"async\" id=\"logo\" src=\"https:\/\/www.jobcloud.ch\/wp-content\/uploads\/\/2021\/04\/jobsch-white-borderless.svg\">\r\n<\/div>\r\n<\/a>\t\t\t\t<\/div>\n\t\t\t\t<\/div>\n\t\t\t\t<div class=\"elementor-element elementor-element-0699e9b elementor-widget elementor-widget-heading\" data-id=\"0699e9b\" data-element_type=\"widget\" data-e-type=\"widget\" data-widget_type=\"heading.default\">\n\t\t\t\t<div class=\"elementor-widget-container\">\n\t\t\t\t\t<h1 class=\"elementor-heading-title elementor-size-default\">Die ESA sucht Astronaut*innen<br> \u2013  auch aus der Schweiz<\/h1>\t\t\t\t<\/div>\n\t\t\t\t<\/div>\n\t\t\t\t\t<\/div>\n\t\t<\/div>\n\t\t\t\t\t<\/div>\n\t\t<\/section>\n\t\t\t\t<section class=\"elementor-section elementor-top-section elementor-element elementor-element-d026b2c elementor-section-boxed elementor-section-height-default elementor-section-height-default\" data-id=\"d026b2c\" data-element_type=\"section\" data-e-type=\"section\" data-settings=\"{&quot;background_background&quot;:&quot;classic&quot;}\">\n\t\t\t\t\t\t<div class=\"elementor-container elementor-column-gap-default\">\n\t\t\t\t\t<div class=\"elementor-column elementor-col-100 elementor-top-column elementor-element elementor-element-a4a43b0\" data-id=\"a4a43b0\" data-element_type=\"column\" data-e-type=\"column\">\n\t\t\t<div class=\"elementor-widget-wrap elementor-element-populated\">\n\t\t\t\t\t\t<div class=\"elementor-element elementor-element-79114c1 elementor-widget elementor-widget-spacer\" data-id=\"79114c1\" data-element_type=\"widget\" data-e-type=\"widget\" data-widget_type=\"spacer.default\">\n\t\t\t\t<div class=\"elementor-widget-container\">\n\t\t\t\t\t\t\t<div class=\"elementor-spacer\">\n\t\t\t<div class=\"elementor-spacer-inner\"><\/div>\n\t\t<\/div>\n\t\t\t\t\t\t<\/div>\n\t\t\t\t<\/div>\n\t\t\t\t\t<\/div>\n\t\t<\/div>\n\t\t\t\t\t<\/div>\n\t\t<\/section>\n\t\t\t\t<section class=\"elementor-section elementor-top-section elementor-element elementor-element-357a537 elementor-section-boxed elementor-section-height-default elementor-section-height-default\" data-id=\"357a537\" data-element_type=\"section\" data-e-type=\"section\" data-settings=\"{&quot;background_background&quot;:&quot;classic&quot;,&quot;motion_fx_motion_fx_scrolling&quot;:&quot;yes&quot;,&quot;motion_fx_devices&quot;:[&quot;desktop&quot;,&quot;tablet&quot;,&quot;mobile&quot;]}\">\n\t\t\t\t\t\t<div class=\"elementor-container elementor-column-gap-default\">\n\t\t\t\t\t<div class=\"elementor-column elementor-col-100 elementor-top-column elementor-element elementor-element-96627ed\" data-id=\"96627ed\" data-element_type=\"column\" data-e-type=\"column\">\n\t\t\t<div class=\"elementor-widget-wrap elementor-element-populated\">\n\t\t\t\t\t\t<div class=\"elementor-element elementor-element-feba4da elementor-widget elementor-widget-heading\" data-id=\"feba4da\" data-element_type=\"widget\" data-e-type=\"widget\" data-widget_type=\"heading.default\">\n\t\t\t\t<div class=\"elementor-widget-container\">\n\t\t\t\t\t<h2 class=\"elementor-heading-title elementor-size-default\">jobs.ch schickt Kandidat*innen auf den Mond<\/h2>\t\t\t\t<\/div>\n\t\t\t\t<\/div>\n\t\t\t\t<div class=\"elementor-element elementor-element-0f5a295 elementor-widget elementor-widget-text-editor\" data-id=\"0f5a295\" data-element_type=\"widget\" data-e-type=\"widget\" data-widget_type=\"text-editor.default\">\n\t\t\t\t<div class=\"elementor-widget-container\">\n\t\t\t\t\t\t\t\t\t<p>Lass deinen Kindheitstraum wahr werden! Die Europ\u00e4ische Weltraumorganisation ESA sucht nach 12 Jahren wieder Astronaut*innen, auch in der Schweiz. Und zum ersten Mal \u00fcberhaupt stellt die ESA \u00abParastronaut*innen\u00bb ein, Berufs-Astronaut*innen mit k\u00f6rperlicher Beeintr\u00e4chtigung. Bewerben k\u00f6nnen sich potenzielle Raumfahrer*innen noch bis <strong>28. Mai<\/strong> ganz einfach \u00fcber jobs.ch.<\/p>\t\t\t\t\t\t\t\t<\/div>\n\t\t\t\t<\/div>\n\t\t\t\t\t<\/div>\n\t\t<\/div>\n\t\t\t\t\t<\/div>\n\t\t<\/section>\n\t\t\t\t<section class=\"elementor-section elementor-top-section elementor-element elementor-element-132ce5b elementor-section-boxed elementor-section-height-default elementor-section-height-default\" data-id=\"132ce5b\" data-element_type=\"section\" data-e-type=\"section\" data-settings=\"{&quot;background_background&quot;:&quot;classic&quot;}\">\n\t\t\t\t\t\t<div class=\"elementor-container elementor-column-gap-default\">\n\t\t\t\t\t<div class=\"elementor-column elementor-col-100 elementor-top-column elementor-element elementor-element-3036c01\" data-id=\"3036c01\" data-element_type=\"column\" data-e-type=\"column\">\n\t\t\t<div class=\"elementor-widget-wrap elementor-element-populated\">\n\t\t\t\t\t\t<div class=\"elementor-element elementor-element-79c548b elementor-widget elementor-widget-spacer\" data-id=\"79c548b\" data-element_type=\"widget\" data-e-type=\"widget\" data-widget_type=\"spacer.default\">\n\t\t\t\t<div class=\"elementor-widget-container\">\n\t\t\t\t\t\t\t<div class=\"elementor-spacer\">\n\t\t\t<div class=\"elementor-spacer-inner\"><\/div>\n\t\t<\/div>\n\t\t\t\t\t\t<\/div>\n\t\t\t\t<\/div>\n\t\t\t\t<div class=\"elementor-element elementor-element-262b024 elementor-widget elementor-widget-heading\" data-id=\"262b024\" data-element_type=\"widget\" data-e-type=\"widget\" data-widget_type=\"heading.default\">\n\t\t\t\t<div class=\"elementor-widget-container\">\n\t\t\t\t\t<h3 class=\"elementor-heading-title elementor-size-default\">Bewirb dich auf diese Jobs:<\/h3>\t\t\t\t<\/div>\n\t\t\t\t<\/div>\n\t\t\t\t\t<\/div>\n\t\t<\/div>\n\t\t\t\t\t<\/div>\n\t\t<\/section>\n\t\t\t\t<section class=\"elementor-section elementor-top-section elementor-element elementor-element-49b4173 elementor-section-boxed elementor-section-height-default elementor-section-height-default elementor-invisible\" data-id=\"49b4173\" data-element_type=\"section\" data-e-type=\"section\" data-settings=\"{&quot;background_background&quot;:&quot;classic&quot;,&quot;animation&quot;:&quot;fadeIn&quot;}\">\n\t\t\t\t\t\t<div class=\"elementor-container elementor-column-gap-default\">\n\t\t\t\t\t<div class=\"elementor-column elementor-col-50 elementor-top-column elementor-element elementor-element-8e00474 elementor-invisible\" data-id=\"8e00474\" data-element_type=\"column\" data-e-type=\"column\" data-settings=\"{&quot;animation&quot;:&quot;fadeInUp&quot;}\">\n\t\t\t<div class=\"elementor-widget-wrap elementor-element-populated\">\n\t\t\t\t\t\t<div class=\"elementor-element elementor-element-4af270c elementor-widget elementor-widget-html\" data-id=\"4af270c\" data-element_type=\"widget\" data-e-type=\"widget\" data-widget_type=\"html.default\">\n\t\t\t\t<div class=\"elementor-widget-container\">\n\t\t\t\t\t<div class=\"job-card\">\r\n    <div class=\"job-img\">\r\n        <img decoding=\"async\" src=\"https:\/\/www.jobcloud.ch\/wp-content\/uploads\/\/2021\/04\/ESA_logo-1-1.svg\">\r\n    <\/div>\r\n    <div class=\"job-text\">\r\n        <h4 class=\"job-title\">Astronaut (m\/w\/d)<\/h4>\r\n        <h5 class=\"job-company\">European Space Agency\r\n<\/h5>\r\n    <\/div>\r\n    <div class=\"job-button-container\">\r\n    <a class=\"job-button-link\" href=\"https:\/\/www.jobs.ch\/de\/stellenangebote\/detail\/10335353\/?utm_source=landingpage&utm_medium=website&utm_campaign=wb:jobs%7Ctg:b2c%7Ccn:ch%7Clg:de%7Cmg:job-application%7Cpd:n%7Ccd:jobs-astronaut-lp\">\r\n     <div class=\"job-button\">\r\n        Ansehen \r\n    <\/div>\r\n    <\/a>\r\n    <\/div>\r\n    \r\n<\/div>\t\t\t\t<\/div>\n\t\t\t\t<\/div>\n\t\t\t\t\t<\/div>\n\t\t<\/div>\n\t\t\t\t<div class=\"elementor-column elementor-col-50 elementor-top-column elementor-element elementor-element-52aa3f2 elementor-invisible\" data-id=\"52aa3f2\" data-element_type=\"column\" data-e-type=\"column\" data-settings=\"{&quot;animation&quot;:&quot;fadeInUp&quot;}\">\n\t\t\t<div class=\"elementor-widget-wrap elementor-element-populated\">\n\t\t\t\t\t\t<div class=\"elementor-element elementor-element-5fc034d elementor-widget elementor-widget-html\" data-id=\"5fc034d\" data-element_type=\"widget\" data-e-type=\"widget\" data-widget_type=\"html.default\">\n\t\t\t\t<div class=\"elementor-widget-container\">\n\t\t\t\t\t<div class=\"job-card\">\r\n    <div class=\"job-img\">\r\n        <img decoding=\"async\" src=\"https:\/\/www.jobcloud.ch\/wp-content\/uploads\/\/2021\/04\/ESA_logo-1-1.svg\">\r\n    <\/div>\r\n    <div class=\"job-text\">\r\n        <h4 class=\"job-title\">Parastronaut (m\/w\/d)<\/h4>\r\n        <h5 class=\"job-company\">European Space Agency\r\n<\/h5>\r\n    <\/div>\r\n    <div class=\"job-button-container\">\r\n      <a class=\"job-button-link\" href=\"https:\/\/www.jobs.ch\/de\/stellenangebote\/detail\/10338011\/?utm_source=landingpage&utm_medium=website&utm_campaign=wb:jobs%7Ctg:b2c%7Ccn:ch%7Clg:de%7Cmg:job-application%7Cpd:n%7Ccd:jobs-astronaut-lp\" >\r\n     <div class=\"job-button\">\r\n        Ansehen\r\n    <\/div>\r\n    <\/a>\r\n    <\/div>\r\n    \r\n    \r\n    \r\n    \r\n<\/div>\t\t\t\t<\/div>\n\t\t\t\t<\/div>\n\t\t\t\t\t<\/div>\n\t\t<\/div>\n\t\t\t\t\t<\/div>\n\t\t<\/section>\n\t\t\t\t<section class=\"elementor-section elementor-top-section elementor-element elementor-element-5eccd6c elementor-section-boxed elementor-section-height-default elementor-section-height-default\" data-id=\"5eccd6c\" data-element_type=\"section\" data-e-type=\"section\" data-settings=\"{&quot;background_background&quot;:&quot;classic&quot;}\">\n\t\t\t\t\t\t<div class=\"elementor-container elementor-column-gap-default\">\n\t\t\t\t\t<div class=\"elementor-column elementor-col-100 elementor-top-column elementor-element elementor-element-9d92777\" data-id=\"9d92777\" data-element_type=\"column\" data-e-type=\"column\">\n\t\t\t<div class=\"elementor-widget-wrap elementor-element-populated\">\n\t\t\t\t\t\t<div class=\"elementor-element elementor-element-725b3b6 elementor-widget elementor-widget-spacer\" data-id=\"725b3b6\" data-element_type=\"widget\" data-e-type=\"widget\" data-widget_type=\"spacer.default\">\n\t\t\t\t<div class=\"elementor-widget-container\">\n\t\t\t\t\t\t\t<div class=\"elementor-spacer\">\n\t\t\t<div class=\"elementor-spacer-inner\"><\/div>\n\t\t<\/div>\n\t\t\t\t\t\t<\/div>\n\t\t\t\t<\/div>\n\t\t\t\t\t<\/div>\n\t\t<\/div>\n\t\t\t\t\t<\/div>\n\t\t<\/section>\n\t\t\t\t<section class=\"elementor-section elementor-top-section elementor-element elementor-element-1184dfa elementor-section-boxed elementor-section-height-default elementor-section-height-default\" data-id=\"1184dfa\" data-element_type=\"section\" data-e-type=\"section\" data-settings=\"{&quot;background_background&quot;:&quot;classic&quot;}\">\n\t\t\t\t\t\t<div class=\"elementor-container elementor-column-gap-default\">\n\t\t\t\t\t<div class=\"elementor-column elementor-col-100 elementor-top-column elementor-element elementor-element-b356c4e elementor-invisible\" data-id=\"b356c4e\" data-element_type=\"column\" data-e-type=\"column\" data-settings=\"{&quot;animation&quot;:&quot;fadeInUp&quot;}\">\n\t\t\t<div class=\"elementor-widget-wrap elementor-element-populated\">\n\t\t\t\t\t\t<div class=\"elementor-element elementor-element-7ab46a8 elementor-widget elementor-widget-heading\" data-id=\"7ab46a8\" data-element_type=\"widget\" data-e-type=\"widget\" data-widget_type=\"heading.default\">\n\t\t\t\t<div class=\"elementor-widget-container\">\n\t\t\t\t\t<h3 class=\"elementor-heading-title elementor-size-default\">4 bis 6 Karriere-Astronaut*innen und 20 Projekt-Astronaut*innen gesucht<\/h3>\t\t\t\t<\/div>\n\t\t\t\t<\/div>\n\t\t\t\t<div class=\"elementor-element elementor-element-c1574ae elementor-widget elementor-widget-html\" data-id=\"c1574ae\" data-element_type=\"widget\" data-e-type=\"widget\" data-widget_type=\"html.default\">\n\t\t\t\t<div class=\"elementor-widget-container\">\n\t\t\t\t\t<ul>\r\n    <li>\r\n  Gesucht werden 4 bis 6 Karriere-Astronaut*innen, die als festes ESA-Personal arbeiten und vielleicht sogar zum Mond fliegen.<\/li>\r\n<li>Daneben gibt es einen Pool von rund 20 \u00abProjekt-Astronaut*innen\u00bb, die in ihren aktuellen Berufen weiterarbeiten, bis sie die ESA bei Bedarf f\u00fcr k\u00fcrzere Missionen zu anderen Zielen im Weltraum fliegen l\u00e4sst \u2013 unter anderem zur ISS.\r\n<\/li>\r\n<\/ul>\r\n\r\n<a class=\"jobs-link\" href=\"https:\/\/www.jobs.ch\/de\/stellenangebote\/detail\/10335353\/?utm_source=landingpage&utm_medium=website&utm_campaign=wb:jobs%7Ctg:b2c%7Ccn:ch%7Clg:de%7Cmg:job-application%7Cpd:n%7Ccd:jobs-astronaut-lp\" >Zum Inserat<\/a>\t\t\t\t<\/div>\n\t\t\t\t<\/div>\n\t\t\t\t\t<\/div>\n\t\t<\/div>\n\t\t\t\t\t<\/div>\n\t\t<\/section>\n\t\t\t\t<section class=\"elementor-section elementor-top-section elementor-element elementor-element-d1fa97b elementor-section-boxed elementor-section-height-default elementor-section-height-default\" data-id=\"d1fa97b\" data-element_type=\"section\" data-e-type=\"section\" data-settings=\"{&quot;background_background&quot;:&quot;classic&quot;}\">\n\t\t\t\t\t\t<div class=\"elementor-container elementor-column-gap-default\">\n\t\t\t\t\t<div class=\"elementor-column elementor-col-100 elementor-top-column elementor-element elementor-element-c6d47b9\" data-id=\"c6d47b9\" data-element_type=\"column\" data-e-type=\"column\">\n\t\t\t<div class=\"elementor-widget-wrap elementor-element-populated\">\n\t\t\t\t\t\t<div class=\"elementor-element elementor-element-ea5f95f elementor-widget elementor-widget-spacer\" data-id=\"ea5f95f\" data-element_type=\"widget\" data-e-type=\"widget\" data-widget_type=\"spacer.default\">\n\t\t\t\t<div class=\"elementor-widget-container\">\n\t\t\t\t\t\t\t<div class=\"elementor-spacer\">\n\t\t\t<div class=\"elementor-spacer-inner\"><\/div>\n\t\t<\/div>\n\t\t\t\t\t\t<\/div>\n\t\t\t\t<\/div>\n\t\t\t\t\t<\/div>\n\t\t<\/div>\n\t\t\t\t\t<\/div>\n\t\t<\/section>\n\t\t\t\t<section class=\"elementor-section elementor-top-section elementor-element elementor-element-b308dac elementor-section-boxed elementor-section-height-default elementor-section-height-default\" data-id=\"b308dac\" data-element_type=\"section\" data-e-type=\"section\" data-settings=\"{&quot;background_background&quot;:&quot;classic&quot;}\">\n\t\t\t\t\t\t<div class=\"elementor-container elementor-column-gap-default\">\n\t\t\t\t\t<div class=\"elementor-column elementor-col-100 elementor-top-column elementor-element elementor-element-733478e elementor-invisible\" data-id=\"733478e\" data-element_type=\"column\" data-e-type=\"column\" data-settings=\"{&quot;animation&quot;:&quot;fadeInUp&quot;}\">\n\t\t\t<div class=\"elementor-widget-wrap elementor-element-populated\">\n\t\t\t\t\t\t<div class=\"elementor-element elementor-element-427153a elementor-widget elementor-widget-heading\" data-id=\"427153a\" data-element_type=\"widget\" data-e-type=\"widget\" data-widget_type=\"heading.default\">\n\t\t\t\t<div class=\"elementor-widget-container\">\n\t\t\t\t\t<h3 class=\"elementor-heading-title elementor-size-default\">Chancen f\u00fcr Menschen mit Beeintr\u00e4chtigungen<\/h3>\t\t\t\t<\/div>\n\t\t\t\t<\/div>\n\t\t\t\t<div class=\"elementor-element elementor-element-d60024b elementor-widget elementor-widget-html\" data-id=\"d60024b\" data-element_type=\"widget\" data-e-type=\"widget\" data-widget_type=\"html.default\">\n\t\t\t\t<div class=\"elementor-widget-container\">\n\t\t\t\t\t<ul>\r\n    <li>\r\n        Das gab es noch nie: Die ESA sucht zum ersten Mal \u00fcberhaupt nach \u00abParastronaut*innen\u00bb, Menschen mit k\u00f6rperlicher Beeintr\u00e4chtigung. Sie haben die Chance, Teil der Initiative \u00abParastronaut Fly!\u00bb zu werden.\r\n    <\/li>\r\n    <li>\r\n        Damit untersucht die ESA die Machbarkeit, erstmals in der Geschichte der Menschheit eine\/n Berufs-Astronaut*in mit k\u00f6rperlicher Beeintr\u00e4chtigung ins All zu bringen. Verl\u00e4uft die Initiative erfolgreich, startet vielleicht schon bald die erste \u00abParastronauten\u00bb-Mission in den Weltraum.\r\n        <\/li>\r\n<\/ul>\r\n<a class=\"jobs-link\" href=\"https:\/\/www.jobs.ch\/de\/stellenangebote\/detail\/10338011\/?utm_source=landingpage&utm_medium=website&utm_campaign=wb:jobs%7Ctg:b2c%7Ccn:ch%7Clg:de%7Cmg:job-application%7Cpd:n%7Ccd:jobs-astronaut-lp\" >Zum Inserat<\/a>\t\t\t\t<\/div>\n\t\t\t\t<\/div>\n\t\t\t\t\t<\/div>\n\t\t<\/div>\n\t\t\t\t\t<\/div>\n\t\t<\/section>\n\t\t\t\t<section class=\"elementor-section elementor-top-section elementor-element elementor-element-04e678c elementor-section-boxed elementor-section-height-default elementor-section-height-default\" data-id=\"04e678c\" data-element_type=\"section\" data-e-type=\"section\" data-settings=\"{&quot;background_background&quot;:&quot;classic&quot;}\">\n\t\t\t\t\t\t<div class=\"elementor-container elementor-column-gap-default\">\n\t\t\t\t\t<div class=\"elementor-column elementor-col-100 elementor-top-column elementor-element elementor-element-480dd89\" data-id=\"480dd89\" data-element_type=\"column\" data-e-type=\"column\">\n\t\t\t<div class=\"elementor-widget-wrap elementor-element-populated\">\n\t\t\t\t\t\t<div class=\"elementor-element elementor-element-8ecd1b8 elementor-invisible elementor-widget elementor-widget-video\" data-id=\"8ecd1b8\" data-element_type=\"widget\" data-e-type=\"widget\" data-settings=\"{&quot;video_type&quot;:&quot;vimeo&quot;,&quot;motion_fx_motion_fx_mouse&quot;:&quot;yes&quot;,&quot;_animation&quot;:&quot;fadeInUp&quot;}\" data-widget_type=\"video.default\">\n\t\t\t\t<div class=\"elementor-widget-container\">\n\t\t\t\t\t\t\t<div class=\"elementor-wrapper elementor-open-inline\">\n\t\t\t<iframe class=\"elementor-video-iframe\" allowfullscreen allow=\"clipboard-write\" title=\"vimeo Video Player\" src=\"https:\/\/player.vimeo.com\/video\/544904267?color&amp;autopause=0&amp;loop=0&amp;muted=0&amp;title=1&amp;portrait=1&amp;byline=1#t=\"><\/iframe>\t\t<\/div>\n\t\t\t\t\t\t<\/div>\n\t\t\t\t<\/div>\n\t\t\t\t\t<\/div>\n\t\t<\/div>\n\t\t\t\t\t<\/div>\n\t\t<\/section>\n\t\t\t\t<section class=\"elementor-section elementor-top-section elementor-element elementor-element-971af73 elementor-section-boxed elementor-section-height-default elementor-section-height-default\" data-id=\"971af73\" data-element_type=\"section\" data-e-type=\"section\" data-settings=\"{&quot;background_background&quot;:&quot;classic&quot;}\">\n\t\t\t\t\t\t<div class=\"elementor-container elementor-column-gap-default\">\n\t\t\t\t\t<div class=\"elementor-column elementor-col-100 elementor-top-column elementor-element elementor-element-66318e4\" data-id=\"66318e4\" data-element_type=\"column\" data-e-type=\"column\">\n\t\t\t<div class=\"elementor-widget-wrap elementor-element-populated\">\n\t\t\t\t\t\t<div class=\"elementor-element elementor-element-b9fbcc9 elementor-widget elementor-widget-spacer\" data-id=\"b9fbcc9\" data-element_type=\"widget\" data-e-type=\"widget\" data-widget_type=\"spacer.default\">\n\t\t\t\t<div class=\"elementor-widget-container\">\n\t\t\t\t\t\t\t<div class=\"elementor-spacer\">\n\t\t\t<div class=\"elementor-spacer-inner\"><\/div>\n\t\t<\/div>\n\t\t\t\t\t\t<\/div>\n\t\t\t\t<\/div>\n\t\t\t\t\t<\/div>\n\t\t<\/div>\n\t\t\t\t\t<\/div>\n\t\t<\/section>\n\t\t\t\t<section class=\"elementor-section elementor-top-section elementor-element elementor-element-b931cdb elementor-section-boxed elementor-section-height-default elementor-section-height-default\" data-id=\"b931cdb\" data-element_type=\"section\" data-e-type=\"section\" data-settings=\"{&quot;background_background&quot;:&quot;classic&quot;}\">\n\t\t\t\t\t\t\t<div class=\"elementor-background-overlay\"><\/div>\n\t\t\t\t\t\t\t<div class=\"elementor-container elementor-column-gap-default\">\n\t\t\t\t\t<div class=\"elementor-column elementor-col-50 elementor-top-column elementor-element elementor-element-e3b2968 elementor-invisible\" data-id=\"e3b2968\" data-element_type=\"column\" data-e-type=\"column\" data-settings=\"{&quot;animation&quot;:&quot;fadeInLeft&quot;}\">\n\t\t\t<div class=\"elementor-widget-wrap elementor-element-populated\">\n\t\t\t\t\t\t<div class=\"elementor-element elementor-element-478479b elementor-widget elementor-widget-heading\" data-id=\"478479b\" data-element_type=\"widget\" data-e-type=\"widget\" data-widget_type=\"heading.default\">\n\t\t\t\t<div class=\"elementor-widget-container\">\n\t\t\t\t\t<h3 class=\"elementor-heading-title elementor-size-default\">Doch lieber einen Job mit beiden F\u00fcssen am Boden?<\/h3>\t\t\t\t<\/div>\n\t\t\t\t<\/div>\n\t\t\t\t<div class=\"elementor-element elementor-element-5b3ee27 elementor-widget elementor-widget-html\" data-id=\"5b3ee27\" data-element_type=\"widget\" data-e-type=\"widget\" data-widget_type=\"html.default\">\n\t\t\t\t<div class=\"elementor-widget-container\">\n\t\t\t\t\t<p>\r\n    Sollte es mit der Karriere im Weltall doch nicht klappen, finden sich auf jobs.ch zurzeit 70'000 andere Jobs von 9'000 Unternehmen \u2013 die meisten davon mit Arbeitsort \u00abPlanet Erde\u00bb\r\n<\/p>\r\n\r\n<a class=\"jobs-link\" href=\"https:\/\/www.jobs.ch\/de\/stellenangebote\/?utm_source=landingpage&utm_medium=website&utm_campaign=wb:jobs%7Ctg:b2c%7Ccn:ch%7Clg:de%7Cmg:job-application%7Cpd:n%7Ccd:jobs-astronaut-lp\">Andere Stellen ansehen<\/a>\t\t\t\t<\/div>\n\t\t\t\t<\/div>\n\t\t\t\t\t<\/div>\n\t\t<\/div>\n\t\t\t\t<div class=\"elementor-column elementor-col-50 elementor-top-column elementor-element elementor-element-76a5a05 elementor-invisible\" data-id=\"76a5a05\" data-element_type=\"column\" data-e-type=\"column\" data-settings=\"{&quot;animation&quot;:&quot;fadeInRight&quot;}\">\n\t\t\t<div class=\"elementor-widget-wrap elementor-element-populated\">\n\t\t\t\t\t\t<div class=\"elementor-element elementor-element-61c41e1 animated-slow elementor-invisible elementor-widget elementor-widget-html\" data-id=\"61c41e1\" data-element_type=\"widget\" data-e-type=\"widget\" data-settings=\"{&quot;_animation&quot;:&quot;fadeInRight&quot;}\" data-widget_type=\"html.default\">\n\t\t\t\t<div class=\"elementor-widget-container\">\n\t\t\t\t\t <a class=\"jobs-link\" href=\"https:\/\/www.jobs.ch\/de\/stellenangebote\/?utm_source=landingpage&utm_medium=website&utm_campaign=wb:jobs%7Ctg:b2c%7Ccn:ch%7Clg:de%7Cmg:job-application%7Cpd:n%7Ccd:jobs-astronaut-lp\">   \r\n<div id=\"jobs-logo-box\" href=\"https:\/\/www.jobs.ch\/de\/\">\r\n<img decoding=\"async\" id=\"jobs-logo\" src=\"https:\/\/www.jobcloud.ch\/wp-content\/uploads\/2021\/04\/jobsch-rgb-borderless.svg\">\r\n<\/div>\r\n<\/a>\t\t\t\t<\/div>\n\t\t\t\t<\/div>\n\t\t\t\t\t<\/div>\n\t\t<\/div>\n\t\t\t\t\t<\/div>\n\t\t<\/section>\n\t\t\t\t<section class=\"elementor-section elementor-top-section elementor-element elementor-element-657f9cb elementor-section-boxed elementor-section-height-default elementor-section-height-default\" data-id=\"657f9cb\" data-element_type=\"section\" data-e-type=\"section\" data-settings=\"{&quot;background_background&quot;:&quot;classic&quot;}\">\n\t\t\t\t\t\t<div class=\"elementor-container elementor-column-gap-default\">\n\t\t\t\t\t<div class=\"elementor-column elementor-col-100 elementor-top-column elementor-element elementor-element-d4c6321\" data-id=\"d4c6321\" data-element_type=\"column\" data-e-type=\"column\">\n\t\t\t<div class=\"elementor-widget-wrap elementor-element-populated\">\n\t\t\t\t\t\t<div class=\"elementor-element elementor-element-93f7cc4 elementor-widget elementor-widget-spacer\" data-id=\"93f7cc4\" data-element_type=\"widget\" data-e-type=\"widget\" data-widget_type=\"spacer.default\">\n\t\t\t\t<div class=\"elementor-widget-container\">\n\t\t\t\t\t\t\t<div class=\"elementor-spacer\">\n\t\t\t<div class=\"elementor-spacer-inner\"><\/div>\n\t\t<\/div>\n\t\t\t\t\t\t<\/div>\n\t\t\t\t<\/div>\n\t\t\t\t\t<\/div>\n\t\t<\/div>\n\t\t\t\t\t<\/div>\n\t\t<\/section>\n\t\t\t\t<section class=\"elementor-section elementor-top-section elementor-element elementor-element-4a2913c8 elementor-section-boxed elementor-section-height-default elementor-section-height-default\" data-id=\"4a2913c8\" data-element_type=\"section\" data-e-type=\"section\" id=\"footer\" data-settings=\"{&quot;background_background&quot;:&quot;classic&quot;}\">\n\t\t\t\t\t\t<div class=\"elementor-container elementor-column-gap-default\">\n\t\t\t\t\t<div class=\"elementor-column elementor-col-100 elementor-top-column elementor-element elementor-element-17fe42df\" data-id=\"17fe42df\" data-element_type=\"column\" data-e-type=\"column\" data-settings=\"{&quot;background_background&quot;:&quot;classic&quot;}\">\n\t\t\t<div class=\"elementor-widget-wrap elementor-element-populated\">\n\t\t\t\t\t\t<div class=\"elementor-element elementor-element-273e8dbf elementor-widget-divider--view-line elementor-widget elementor-widget-divider\" data-id=\"273e8dbf\" data-element_type=\"widget\" data-e-type=\"widget\" data-widget_type=\"divider.default\">\n\t\t\t\t<div class=\"elementor-widget-container\">\n\t\t\t\t\t\t\t<div class=\"elementor-divider\">\n\t\t\t<span class=\"elementor-divider-separator\">\n\t\t\t\t\t\t<\/span>\n\t\t<\/div>\n\t\t\t\t\t\t<\/div>\n\t\t\t\t<\/div>\n\t\t\t\t<section class=\"elementor-section elementor-inner-section elementor-element elementor-element-3b704e92 elementor-section-boxed elementor-section-height-default elementor-section-height-default\" data-id=\"3b704e92\" data-element_type=\"section\" data-e-type=\"section\" data-settings=\"{&quot;background_background&quot;:&quot;classic&quot;}\">\n\t\t\t\t\t\t<div class=\"elementor-container elementor-column-gap-default\">\n\t\t\t\t\t<div class=\"elementor-column elementor-col-50 elementor-inner-column elementor-element elementor-element-6314fa21\" data-id=\"6314fa21\" data-element_type=\"column\" data-e-type=\"column\">\n\t\t\t<div class=\"elementor-widget-wrap elementor-element-populated\">\n\t\t\t\t\t\t<div class=\"elementor-element elementor-element-ffa1c1e elementor-widget elementor-widget-text-editor\" data-id=\"ffa1c1e\" data-element_type=\"widget\" data-e-type=\"widget\" id=\"copyright\" data-widget_type=\"text-editor.default\">\n\t\t\t\t<div class=\"elementor-widget-container\">\n\t\t\t\t\t\t\t\t\t<p><span style=\"color: #666666; font-size: 14px;\">\u00a9 2021 JobCloud \u2014 Alle Rechte vorbehalten<\/span><\/p>\n\t\t\t\t\t\t\t\t<\/div>\n\t\t\t\t<\/div>\n\t\t\t\t\t<\/div>\n\t\t<\/div>\n\t\t\t\t<div class=\"elementor-column elementor-col-25 elementor-inner-column elementor-element elementor-element-667d78f4\" data-id=\"667d78f4\" data-element_type=\"column\" data-e-type=\"column\">\n\t\t\t<div class=\"elementor-widget-wrap elementor-element-populated\">\n\t\t\t\t\t\t<div class=\"elementor-element elementor-element-11e93b6 elementor-widget elementor-widget-text-editor\" data-id=\"11e93b6\" data-element_type=\"widget\" data-e-type=\"widget\" data-widget_type=\"text-editor.default\">\n\t\t\t\t<div class=\"elementor-widget-container\">\n\t\t\t\t\t\t\t\t\t<p><a href=\"https:\/\/www.jobcloud.ch\/c\/fr-ch\/protection-des-donnees\/\" target=\"_blank\">Datenschutzerkl\u00e4rung<\/a><\/p>\n\t\t\t\t\t\t\t\t<\/div>\n\t\t\t\t<\/div>\n\t\t\t\t\t<\/div>\n\t\t<\/div>\n\t\t\t\t<div class=\"elementor-column elementor-col-25 elementor-inner-column elementor-element elementor-element-5caff64b\" data-id=\"5caff64b\" data-element_type=\"column\" data-e-type=\"column\">\n\t\t\t<div class=\"elementor-widget-wrap elementor-element-populated\">\n\t\t\t\t\t\t<div class=\"elementor-element elementor-element-2b38f357 elementor-widget elementor-widget-text-editor\" data-id=\"2b38f357\" data-element_type=\"widget\" data-e-type=\"widget\" data-widget_type=\"text-editor.default\">\n\t\t\t\t<div class=\"elementor-widget-container\">\n\t\t\t\t\t\t\t\t\t<p><a href=\"https:\/\/www.jobcloud.ch\/c\/fr-ch\/conditions-generales\/\">AGB<\/a><\/p>\n\t\t\t\t\t\t\t\t<\/div>\n\t\t\t\t<\/div>\n\t\t\t\t\t<\/div>\n\t\t<\/div>\n\t\t\t\t\t<\/div>\n\t\t<\/section>\n\t\t\t\t\t<\/div>\n\t\t<\/div>\n\t\t\t\t\t<\/div>\n\t\t<\/section>\n\t\t\t\t<\/div>\n\t\t","protected":false},"excerpt":{"rendered":"<p>Die ESA sucht Astronaut*innen \u2013 auch aus der Schweiz jobs.ch schickt Kandidat*innen auf den Mond Lass deinen Kindheitstraum wahr werden! Die Europ\u00e4ische&#8230;<\/p>\n","protected":false},"author":25,"featured_media":0,"parent":0,"menu_order":0,"comment_status":"closed","ping_status":"closed","template":"elementor_canvas","meta":{"_acf_changed":false,"inline_featured_image":false,"footnotes":""},"class_list":["post-37346","page","type-page","status-publish","hentry"],"acf":[],"yoast_head":"<!-- This site is optimized with the Yoast SEO plugin v27.2 - https:\/\/yoast.com\/product\/yoast-seo-wordpress\/ -->\n<title>Astronauten | JobCloud<\/title>\n<meta name=\"robots\" content=\"index, follow, max-snippet:-1, max-image-preview:large, max-video-preview:-1\" \/>\n<link rel=\"canonical\" href=\"https:\/\/www.jobcloud.ch\/c\/de-ch\/astronauten\/\" \/>\n<meta property=\"og:locale\" content=\"de_DE\" \/>\n<meta property=\"og:type\" content=\"article\" \/>\n<meta property=\"og:title\" content=\"Astronauten | JobCloud\" \/>\n<meta property=\"og:description\" content=\"Die ESA sucht Astronaut*innen \u2013 auch aus der Schweiz jobs.ch schickt Kandidat*innen auf den Mond Lass deinen Kindheitstraum wahr werden! Die Europ\u00e4ische...\" \/>\n<meta property=\"og:url\" content=\"https:\/\/www.jobcloud.ch\/c\/de-ch\/astronauten\" \/>\n<meta property=\"og:site_name\" content=\"JobCloud\" \/>\n<meta property=\"article:modified_time\" content=\"2022-03-11T09:33:17+00:00\" \/>\n<meta property=\"og:image\" content=\"https:\/\/www.jobcloud.ch\/wp-content\/uploads\/\/2021\/04\/jobsch-white-borderless.svg\" \/>\n<meta name=\"twitter:card\" content=\"summary_large_image\" \/>\n<meta name=\"twitter:label1\" content=\"Gesch\u00e4tzte Lesezeit\" \/>\n\t<meta name=\"twitter:data1\" content=\"3\u00a0Minuten\" \/>\n<script type=\"application\/ld+json\" class=\"yoast-schema-graph\">{\"@context\":\"https:\/\/schema.org\",\"@graph\":[{\"@type\":\"WebPage\",\"@id\":\"https:\/\/www.jobcloud.ch\/c\/de-ch\/astronauten\",\"url\":\"https:\/\/www.jobcloud.ch\/c\/de-ch\/astronauten\",\"name\":\"Astronauten | JobCloud\",\"isPartOf\":{\"@id\":\"https:\/\/www.jobcloud.ch\/c\/de-ch\/#website\"},\"primaryImageOfPage\":{\"@id\":\"https:\/\/www.jobcloud.ch\/c\/de-ch\/astronauten#primaryimage\"},\"image\":{\"@id\":\"https:\/\/www.jobcloud.ch\/c\/de-ch\/astronauten#primaryimage\"},\"thumbnailUrl\":\"https:\/\/www.jobcloud.ch\/wp-content\/uploads\/\/2021\/04\/jobsch-white-borderless.svg\",\"datePublished\":\"2021-04-27T13:13:36+00:00\",\"dateModified\":\"2022-03-11T09:33:17+00:00\",\"inLanguage\":\"de-CH\",\"potentialAction\":[{\"@type\":\"ReadAction\",\"target\":[\"https:\/\/www.jobcloud.ch\/c\/de-ch\/astronauten\"]}]},{\"@type\":\"ImageObject\",\"inLanguage\":\"de-CH\",\"@id\":\"https:\/\/www.jobcloud.ch\/c\/de-ch\/astronauten#primaryimage\",\"url\":\"https:\/\/www.jobcloud.ch\/wp-content\/uploads\/\/2021\/04\/jobsch-white-borderless.svg\",\"contentUrl\":\"https:\/\/www.jobcloud.ch\/wp-content\/uploads\/\/2021\/04\/jobsch-white-borderless.svg\"},{\"@type\":\"WebSite\",\"@id\":\"https:\/\/www.jobcloud.ch\/c\/de-ch\/#website\",\"url\":\"https:\/\/www.jobcloud.ch\/c\/de-ch\/\",\"name\":\"JobCloud\",\"description\":\"JobCloud is the leading job portal for jobseekers in Switzerland\",\"publisher\":{\"@id\":\"https:\/\/www.jobcloud.ch\/c\/de-ch\/#organization\"},\"potentialAction\":[{\"@type\":\"SearchAction\",\"target\":{\"@type\":\"EntryPoint\",\"urlTemplate\":\"https:\/\/www.jobcloud.ch\/c\/de-ch\/?s={search_term_string}\"},\"query-input\":{\"@type\":\"PropertyValueSpecification\",\"valueRequired\":true,\"valueName\":\"search_term_string\"}}],\"inLanguage\":\"de-CH\"},{\"@type\":\"Organization\",\"@id\":\"https:\/\/www.jobcloud.ch\/c\/de-ch\/#organization\",\"name\":\"JobCloud\",\"url\":\"https:\/\/www.jobcloud.ch\/c\/de-ch\/\",\"logo\":{\"@type\":\"ImageObject\",\"inLanguage\":\"de-CH\",\"@id\":\"https:\/\/www.jobcloud.ch\/c\/de-ch\/#\/schema\/logo\/image\/\",\"url\":\"https:\/\/www.jobcloud.ch\/wp-content\/uploads\/2020\/02\/jobcloude-logo.svg\",\"contentUrl\":\"https:\/\/www.jobcloud.ch\/wp-content\/uploads\/2020\/02\/jobcloude-logo.svg\",\"width\":160,\"height\":37,\"caption\":\"JobCloud\"},\"image\":{\"@id\":\"https:\/\/www.jobcloud.ch\/c\/de-ch\/#\/schema\/logo\/image\/\"}}]}<\/script>\n<!-- \/ Yoast SEO plugin. -->","yoast_head_json":{"title":"Astronauten | JobCloud","robots":{"index":"index","follow":"follow","max-snippet":"max-snippet:-1","max-image-preview":"max-image-preview:large","max-video-preview":"max-video-preview:-1"},"canonical":"https:\/\/www.jobcloud.ch\/c\/de-ch\/astronauten\/","og_locale":"de_DE","og_type":"article","og_title":"Astronauten | JobCloud","og_description":"Die ESA sucht Astronaut*innen \u2013 auch aus der Schweiz jobs.ch schickt Kandidat*innen auf den Mond Lass deinen Kindheitstraum wahr werden! Die Europ\u00e4ische...","og_url":"https:\/\/www.jobcloud.ch\/c\/de-ch\/astronauten","og_site_name":"JobCloud","article_modified_time":"2022-03-11T09:33:17+00:00","og_image":[{"url":"https:\/\/www.jobcloud.ch\/wp-content\/uploads\/\/2021\/04\/jobsch-white-borderless.svg","type":"","width":"","height":""}],"twitter_card":"summary_large_image","twitter_misc":{"Gesch\u00e4tzte Lesezeit":"3\u00a0Minuten"},"schema":{"@context":"https:\/\/schema.org","@graph":[{"@type":"WebPage","@id":"https:\/\/www.jobcloud.ch\/c\/de-ch\/astronauten","url":"https:\/\/www.jobcloud.ch\/c\/de-ch\/astronauten","name":"Astronauten | JobCloud","isPartOf":{"@id":"https:\/\/www.jobcloud.ch\/c\/de-ch\/#website"},"primaryImageOfPage":{"@id":"https:\/\/www.jobcloud.ch\/c\/de-ch\/astronauten#primaryimage"},"image":{"@id":"https:\/\/www.jobcloud.ch\/c\/de-ch\/astronauten#primaryimage"},"thumbnailUrl":"https:\/\/www.jobcloud.ch\/wp-content\/uploads\/\/2021\/04\/jobsch-white-borderless.svg","datePublished":"2021-04-27T13:13:36+00:00","dateModified":"2022-03-11T09:33:17+00:00","inLanguage":"de-CH","potentialAction":[{"@type":"ReadAction","target":["https:\/\/www.jobcloud.ch\/c\/de-ch\/astronauten"]}]},{"@type":"ImageObject","inLanguage":"de-CH","@id":"https:\/\/www.jobcloud.ch\/c\/de-ch\/astronauten#primaryimage","url":"https:\/\/www.jobcloud.ch\/wp-content\/uploads\/\/2021\/04\/jobsch-white-borderless.svg","contentUrl":"https:\/\/www.jobcloud.ch\/wp-content\/uploads\/\/2021\/04\/jobsch-white-borderless.svg"},{"@type":"WebSite","@id":"https:\/\/www.jobcloud.ch\/c\/de-ch\/#website","url":"https:\/\/www.jobcloud.ch\/c\/de-ch\/","name":"JobCloud","description":"JobCloud is the leading job portal for jobseekers in Switzerland","publisher":{"@id":"https:\/\/www.jobcloud.ch\/c\/de-ch\/#organization"},"potentialAction":[{"@type":"SearchAction","target":{"@type":"EntryPoint","urlTemplate":"https:\/\/www.jobcloud.ch\/c\/de-ch\/?s={search_term_string}"},"query-input":{"@type":"PropertyValueSpecification","valueRequired":true,"valueName":"search_term_string"}}],"inLanguage":"de-CH"},{"@type":"Organization","@id":"https:\/\/www.jobcloud.ch\/c\/de-ch\/#organization","name":"JobCloud","url":"https:\/\/www.jobcloud.ch\/c\/de-ch\/","logo":{"@type":"ImageObject","inLanguage":"de-CH","@id":"https:\/\/www.jobcloud.ch\/c\/de-ch\/#\/schema\/logo\/image\/","url":"https:\/\/www.jobcloud.ch\/wp-content\/uploads\/2020\/02\/jobcloude-logo.svg","contentUrl":"https:\/\/www.jobcloud.ch\/wp-content\/uploads\/2020\/02\/jobcloude-logo.svg","width":160,"height":37,"caption":"JobCloud"},"image":{"@id":"https:\/\/www.jobcloud.ch\/c\/de-ch\/#\/schema\/logo\/image\/"}}]}},"_links":{"self":[{"href":"https:\/\/www.jobcloud.ch\/c\/de-ch\/wp-json\/wp\/v2\/pages\/37346","targetHints":{"allow":["GET"]}}],"collection":[{"href":"https:\/\/www.jobcloud.ch\/c\/de-ch\/wp-json\/wp\/v2\/pages"}],"about":[{"href":"https:\/\/www.jobcloud.ch\/c\/de-ch\/wp-json\/wp\/v2\/types\/page"}],"author":[{"embeddable":true,"href":"https:\/\/www.jobcloud.ch\/c\/de-ch\/wp-json\/wp\/v2\/users\/25"}],"replies":[{"embeddable":true,"href":"https:\/\/www.jobcloud.ch\/c\/de-ch\/wp-json\/wp\/v2\/comments?post=37346"}],"version-history":[{"count":0,"href":"https:\/\/www.jobcloud.ch\/c\/de-ch\/wp-json\/wp\/v2\/pages\/37346\/revisions"}],"wp:attachment":[{"href":"https:\/\/www.jobcloud.ch\/c\/de-ch\/wp-json\/wp\/v2\/media?parent=37346"}],"curies":[{"name":"wp","href":"https:\/\/api.w.org\/{rel}","templated":true}]}}